{"id":7568,"date":"2020-12-19T14:00:46","date_gmt":"2020-12-19T13:00:46","guid":{"rendered":"https:\/\/www.snslp.sk\/about-us-2\/nas-tim\/"},"modified":"2025-04-24T09:38:48","modified_gmt":"2025-04-24T07:38:48","slug":"our-team","status":"publish","type":"page","link":"https:\/\/www.snslp.sk\/en\/about-us-2\/our-team\/","title":{"rendered":"Our team"},"content":{"rendered":"\n<div class=\"bcg-box blue-bcg\"><p><strong>PhDr. Silvia Porub\u00e4nov\u00e1<br \/>\n<\/strong>Executive Director<br \/>\n<a href=\"mailto:porubanova@snslp.sk\">porubanova@snslp.sk<\/a><\/p>\n<p>Silvia Porub\u00e4nov\u00e1 studied Sociology at the Faculty of Arts of the Comenius University in Bratislava. She is in charge of all work at the Centre, including professional activities in their entirety, as well as personnel, fiscal and internal matters of the institution. Her favorite human rights issues include equal opportunities, gender equality and the Agenda 2030.<\/p>\n<\/div>\n\n \n\n\n<div style=\"height:12px\" aria-hidden=\"true\" class=\"wp-block-spacer\"><\/div>\n\n\n\n<div class=\"bcg-box blue-bcg\"><p><strong>Jana Bubni\u010dov\u00e1<br \/>\n<\/strong>Assistant to the Executive Director<br \/>\n<a href=\"mailto:info@snslp.sk\">info@snslp.sk<\/a><br \/>\n<a href=\"mailto:bubnicova@snslp.sk\">bubnicova@snslp.sk<\/a><br \/>\n<a href=\"tel:+421918479089\">0918 479 089<\/a><\/p>\n<p>Jana Bubni\u010dov\u00e1 obtained a degree from the Secondary Vocational School of Commerce and Business. She provides organisational, technical and administrative support to the Centre and assists the Executive Director.<\/p>\n<\/div>\n\n \n\n\n<div style=\"height:12px\" aria-hidden=\"true\" class=\"wp-block-spacer\"><\/div>\n\n\n\n<div class=\"bcg-box blue-bcg\"><p><strong><span class=\"ui-provider a b c d e f g h i j k l m n o p q r s t u v w x y z ab ac ae af ag ah ai aj ak\" dir=\"ltr\">JUDr. Michal Cenkner, PhD.<br \/>\n<\/span><\/strong>Deputy Executive Director<br \/>\n<a href=\"mailto:cenkner@snslp.sk\">cenkner@snslp.sk<\/a><br \/>\n<a href=\"tel:02\/20850121\">02\/208 501 21<\/a><\/p>\n<p>Michal Cenkner graduated with a third degree in civil law at the Faculty of Law of the Comenius University in Bratislava. Within the extent of the Centre&#8217;s statutory mandate, he assures efficiency in the supply of legal services to the clients.<\/p>\n<\/div>\n\n \n\n\n<div style=\"height:12px\" aria-hidden=\"true\" class=\"wp-block-spacer\"><\/div>\n\n\n\n<div class=\"bcg-box blue-bcg\"><p><strong>Mgr. Kamila \u010cern\u00e1kov\u00e1<br \/>\n<\/strong>Digital Content Specialist<br \/>\n<a href=\"mailto:cernakova@snslp.sk\">cernakova@snslp.sk<\/a><br \/>\n<a href=\"https:\/\/www.linkedin.com\/in\/kamila-cernakova\/\">LinkedIn<\/a><\/p>\n<p>Kamila \u010cern\u00e1kov\u00e1 obtained her Master&#8217;s degree in Aesthetics from the Faculty of Arts of the Comenius University in Bratislava. After graduation, she worked in a library, where she learnt the fundamentals of marketing and editing while interacting with customers. She has been with the Centre since 2018 and is in charge of administering the website, social media, as well as creating graphics for brochures and other publications. She works with colleagues to create campaigns and communicate the importance of protecting and respecting human rights.<\/p>\n<\/div>\n\n \n\n\n<div style=\"height:12px\" aria-hidden=\"true\" class=\"wp-block-spacer\"><\/div>\n\n\n\n<div class=\"bcg-box blue-bcg\"><p><strong>Mgr. Barbora Da\u0148kov\u00e1<br \/>\n<\/strong>Lawyer<br \/>\n<a href=\"mailto:dankova@snslp.sk\">dankova@snslp.sk<\/a><br \/>\n<a href=\"tel:02\/20850126\">02\/208 501 26<\/a><\/p>\n<p>Barbora Da\u0148kov\u00e1 graduated from the Faculty of Law of the Comenius University in Bratislava, where she earned her Master&#8217;s degree. She is in charge of handling complaints, providing legal support to victims of discrimination, preparing expert opinions and conducting independent investigations in cases involving non-compliance with the principle of equal treatment at the Centre. Her favorite topics are economic and social justice.<\/p>\n<div id=\"simple-translate\" class=\"simple-translate-system-theme\">\n<div>\n<div class=\"simple-translate-button isShow\" style=\"background-image: url('chrome-extension:\/\/cllnohpbfenopiakdcjmjcbaeapmkcdl\/icons\/512.png'); height: 22px; width: 22px; top: 253px; left: -24px;\"><\/div>\n<div class=\"simple-translate-panel \" style=\"width: 300px; height: 200px; top: 0px; left: 0px; font-size: 13px;\">\n<div class=\"simple-translate-result-wrapper\" style=\"overflow: hidden;\">\n<div class=\"simple-translate-move\" draggable=\"true\"><\/div>\n<div class=\"simple-translate-result-contents\">\n<p class=\"simple-translate-result\" dir=\"auto\">\n<p class=\"simple-translate-candidate\" dir=\"auto\">\n<\/div>\n<\/div>\n<\/div>\n<\/div>\n<\/div>\n<\/div>\n\n \n\n\n<div style=\"height:12px\" aria-hidden=\"true\" class=\"wp-block-spacer\"><\/div>\n\n\n\n<div class=\"bcg-box blue-bcg\"><p><strong>Mgr. Katar\u00edna De\u00e1kov\u00e1, PhD.<br \/>\n<\/strong>Analyst<br \/>\n<a href=\"mailto:deakova@snslp.sk\">deakova@snslp.sk<\/a><br \/>\n<a href=\"tel:02\/32111830\">02\/321 118 30<\/a><\/p>\n<p>Katar\u00edna De\u00e1kov\u00e1 obtained her doctoral degree in Sociology at the Faculty of Arts of the Comenius University in Bratislava and the Institute of Sociology of the Slovak Academy of Sciences. She also graduated from the Pedagogical Faculty of the University of Constantine the Philosopher in Nitra. As a member of the Center&#8217;s research team, she works on analytical and research tasks focused on human rights compliance in Slovakia. Her favourite human rights issues are the right to education and the right to freedom of speech.<\/p>\n<\/div>\n\n \n\n\n<div style=\"height:12px\" aria-hidden=\"true\" class=\"wp-block-spacer\"><\/div>\n\n\n\n<div class=\"bcg-box blue-bcg\"><p><strong>Mgr. Tom\u00e1\u0161 F\u00f6ldes<br \/>\n<\/strong>Lecturer<br \/>\n<a href=\"mailto:foldes@snslp.sk\">foldes@snslp.sk<\/a><br \/>\n<a href=\"mailto:vzdelavanie@snslp.sk\">vzdelavanie@snslp.sk<\/a><br \/>\n<a href=\"tel:02\/20850123\">02\/208 501 23<\/a><\/p>\n<p>Tom\u00e1\u0161 F\u00f6ldes received his Master&#8217;s degree in Law at the Faculty of Law of the Comenius University in Bratislava, as well as a Master&#8217;s degree in Education from the Comenius University in Bratislava, with a specialization in the pedagogy of the emotionally and socially disturbed persons. He is now a lecturer at the Centre, where he is in charge of raising awareness and education on human rights and the principle of equal treatment across Slovakia. He plans and contributes to the development of the Centre&#8217;s training techniques for professionals, children and youth. Currently, he represents the Centre in a number of working groups and committees within the Government&#8217;s advisory organisations. He has been working in the field of human rights for about 17 years, 15 of which at the Centre, and thus admires human rights in all its complexities. The principles of equality, inalienability, non-derogability, non-retroactivity, inalienability, and inalienability of human rights are vital to him.<\/p>\n<\/div>\n\n \n\n\n<div style=\"height:10px\" aria-hidden=\"true\" class=\"wp-block-spacer\"><\/div>\n\n\n\n<div class=\"bcg-box blue-bcg\"><p><strong>Marian Fil\u010d\u00edk<br \/>\n<\/strong>Head of International Relations, Monitoring and Reporting Department<br \/>\n<a href=\"mailto:filcik@snslp.sk\">filcik@snslp.sk<\/a><\/p>\n<p>He graduated from the Faculty of Law at Comenius University in Bratislava. He\u00a0is responsible for monitoring the observance of human rights, with his main topics including non-discrimination, violence against women, and the human rights of LGBTI people.<\/p>\n<\/div>\n\n \n\n\n<div style=\"height:10px\" aria-hidden=\"true\" class=\"wp-block-spacer\"><\/div>\n\n\n\n<div class=\"bcg-box blue-bcg\"><p><strong>Mgr. Michal Horv\u00e1th<br \/>\n<\/strong>Lecturer<br \/>\n<a href=\"mailto:mhorvath@snslp.sk\">mhorvath@snslp.sk<\/a><\/p>\n<p>Michal Horv\u00e1th graduated from the Faculty of Law of the University of Trnava. He is in charge of managing the lecturers and coordinating training activities. Mobbing, workplace bullying, bossing, non-discrimination, extremism, safety in the use of social networks and cyberbullying are among the areas of human rights in which he is most involved.<\/p>\n<\/div>\n\n \n\n\n<div style=\"height:12px\" aria-hidden=\"true\" class=\"wp-block-spacer\"><\/div>\n\n\n\n<div class=\"bcg-box blue-bcg\"><p><strong>L\u00fddia Kon\u00f4pkov\u00e1<br \/>\n<\/strong>Accountant<br \/>\n<a href=\"mailto:konopkova@snslp.sk\">konopkova@snslp.sk<\/a><\/p>\n<p>L\u00fddia Kon\u00f4pkov\u00e1 obtained her degree in general economics from the Business Academy in Bratislava. She is in charge of the Centre&#8217;s finances, budget and payroll.<\/p>\n<\/div>\n\n \n\n\n<div style=\"height:12px\" aria-hidden=\"true\" class=\"wp-block-spacer\"><\/div>\n\n\n\n<div class=\"bcg-box blue-bcg\"><p><strong>Mgr. Lucia Lacika, M.A<\/strong><br \/>\nHuman Rights Officer<br \/>\n<a href=\"mailto:lacika@snslp.sk\">lacika@snslp.sk<\/a><\/p>\n<p>She received her Master&#8217;s degree in European Studies from Masaryk University in Brno, which she followed with a second Master&#8217;s degree in Human Rights from Central European University in Budapest. She is responsible for Center\u00b4s\u00a0\u00a0activities related to external relations, monitoring compliance with human rights and fundamental freedoms, monitoring the compliance of national laws and policies with international human rights standards, cooperation and communication with key international organizations and stakeholder at national and international level.\u00a0Her favorite human rights topics include human rights defenders, civil society and participation and human rights and sport.<\/p>\n<\/div>\n\n \n\n\n<div style=\"height:11px\" aria-hidden=\"true\" class=\"wp-block-spacer\"><\/div>\n\n\n\n<div class=\"bcg-box blue-bcg\"><p><strong>JUDr. Andrea Mali\u0148\u00e1kov\u00e1<br \/>\n<\/strong>Lawyer<br \/>\n<a href=\"mailto:malinakova@snslp.sk\">malinakova@snslp.sk<\/a><br \/>\n<a href=\"tel:0552304121\">055\/230 41 21<\/a><br \/>\n<a href=\"tel:0918370003\">0918 370 003<\/a><\/p>\n<p style=\"font-weight: 400;\">Andrea Mali\u0148\u00e1kov\u00e1 studied Law at the Faculty of Law of the University of Trnava. At the Centre, she works as a lawyer and she is committed to the protection of the vulnerable. Andrea is in charge of giving legal advice to clients.<\/p>\n<\/div>\n\n \n\n\n<div style=\"height:11px\" aria-hidden=\"true\" class=\"wp-block-spacer\"><\/div>\n\n\n\n<div class=\"bcg-box blue-bcg\"><p><strong>Mgr. Anna M\u00e1ri\u00e1ssyov\u00e1<br \/>\n<\/strong>Analyst<br \/>\n<a href=\"mailto:mariassyova@snslp.sk\">mariassyova@snslp.sk<\/a><br \/>\n<a href=\"tel:02\/32111830\">02\/321 118 30<\/a><\/p>\n<p>Anna M\u00e1ri\u00e1ssyov\u00e1 graduated in geography from the Faculty of Natural Sciences of the Comenius University in Bratislava. She is in charge of research in the field of human rights. The right to human dignity is one of her favorite issues.<\/p>\n<div id=\"simple-translate\" class=\"simple-translate-system-theme\">\n<div>\n<div class=\"simple-translate-button isShow\" style=\"background-image: url('chrome-extension:\/\/cllnohpbfenopiakdcjmjcbaeapmkcdl\/icons\/512.png'); height: 22px; width: 22px; top: 57px; left: 45px;\"><\/div>\n<div class=\"simple-translate-panel \" style=\"width: 300px; height: 200px; top: 0px; left: 0px; font-size: 13px;\">\n<div class=\"simple-translate-result-wrapper\" style=\"overflow: hidden;\">\n<div class=\"simple-translate-move\" draggable=\"true\"><\/div>\n<div class=\"simple-translate-result-contents\">\n<p class=\"simple-translate-result\" dir=\"auto\">\n<p class=\"simple-translate-candidate\" dir=\"auto\">\n<\/div>\n<\/div>\n<\/div>\n<\/div>\n<\/div>\n<\/div>\n\n \n\n\n<div style=\"height:12px\" aria-hidden=\"true\" class=\"wp-block-spacer\"><\/div>\n\n\n\n<div class=\"bcg-box blue-bcg\"><p><strong>Mgr. Marian Mes\u00e1ro\u0161<br \/>\n<\/strong>Lawyer<br \/>\n<a href=\"mailto:mesaros@snslp.sk\">mesaros@snslp.sk<\/a><br \/>\n<a href=\"tel:02\/20850121\">02\/208 501 21<\/a><\/p>\n<p>Marian Mes\u00e1ro\u0161 graduated from the Faculty of Law of the Comenius University in Bratislava. Marian is in charge of handling complaints concerning discrimination and the respect for fundamental rights and freedoms. His favorite human rights issues include socio-economic rights, particularly the right to work and the right to an education.<\/p>\n<\/div>\n\n \n\n\n<div style=\"height:12px\" aria-hidden=\"true\" class=\"wp-block-spacer\"><\/div>\n\n\n\n<div class=\"bcg-box blue-bcg\"><p><b>Mgr. Anna N\u00e1da\u017edyov\u00e1, PhD.<br \/>\n<\/b>Head of Education<br \/>\n<a href=\"mailto:nadazdyova@snslp.sk\">nadazdyova@snslp.sk<\/a><br \/>\n<a href=\"tel:02\/20850123\">02\/208 501 23<\/a><\/p>\n<p><span class=\"jCAhz ChMk0b\"><span class=\"ryNqvb\">She completed her law studies at the Faculty of Law of the Comenius University in Bratislava.<\/span><\/span> <span class=\"jCAhz ChMk0b\"><span class=\"ryNqvb\">At the Centre, she is responsible for coordinating educational activities.<\/span><\/span><\/p>\n<\/div>\n\n \n\n\n<div style=\"height:12px\" aria-hidden=\"true\" class=\"wp-block-spacer\"><\/div>\n\n\n\n<div class=\"bcg-box blue-bcg\"><p><strong>Mgr. Edina N\u00e9methov\u00e1<br \/>\n<\/strong>Human Rights Officer<br \/>\n<a href=\"mailto:nemethova@snslp.sk\">nemethova@snslp.sk<\/a><br \/>\n<a href=\"tel:02\/20850115\">02\/208 501 15<\/a><\/p>\n<p><span class=\"jCAhz ChMk0b\"><span class=\"ryNqvb\">She received her degree at the Faculty of Law of the Comenius University.<\/span><\/span> <span class=\"jCAhz ChMk0b\"><span class=\"ryNqvb\">At the Centre, she is responsible for ensuring activities in the field of the Center&#8217;s external relations and monitoring the observance of human rights and fundamental freedoms, monitoring the fulfillment of international conventions in the field of human rights and reporting for international organizations.<\/span><\/span> Her favourite topics are challenges to the Rule of Law and freedom of expression.<\/p>\n<div id=\"simple-translate\" class=\"simple-translate-system-theme\">\n<div>\n<div class=\"simple-translate-button isShow\" style=\"background-image: url('chrome-extension:\/\/cllnohpbfenopiakdcjmjcbaeapmkcdl\/icons\/512.png'); height: 22px; width: 22px; top: 62px; left: 83px;\"><\/div>\n<div class=\"simple-translate-panel \" style=\"width: 300px; height: 200px; top: 0px; left: 0px; font-size: 13px;\">\n<div class=\"simple-translate-result-wrapper\" style=\"overflow: hidden;\">\n<div class=\"simple-translate-move\" draggable=\"true\"><\/div>\n<div class=\"simple-translate-result-contents\">\n<p class=\"simple-translate-result\" dir=\"auto\">\n<p class=\"simple-translate-candidate\" dir=\"auto\">\n<\/div>\n<\/div>\n<\/div>\n<\/div>\n<\/div>\n<\/div>\n\n \n\n\n<div style=\"height:12px\" aria-hidden=\"true\" class=\"wp-block-spacer\"><\/div>\n\n\n\n<div class=\"bcg-box blue-bcg\"><p><strong>JUDr. Miroslava Novodomcov\u00e1<br \/>\n<\/strong>Lawyer<br \/>\n<a href=\"mailto:novodomcova@snslp.sk\">novodomcova@snslp.sk<\/a><br \/>\n<a href=\"tel:+421918370002\">0918 370 002<\/a><\/p>\n<p>In 2010, Miroslava Novodomcov\u00e1 graduated from the Faculty of Law at the University of Trnava. She is in charge of providing legal advice to clients, delivering human rights training to children and adults, and representing the Centre in the Comittee for Gender Equality. Her favorite human rights issue is non-discrimination.<\/p>\n<\/div>\n\n \n\n\n<div style=\"height:12px\" aria-hidden=\"true\" class=\"wp-block-spacer\"><\/div>\n\n\n\n<div class=\"bcg-box blue-bcg\"><p><strong>Mgr. Michaela Ujh\u00e1zyov\u00e1 PhD.<br \/>\n<\/strong>Head of Research<br \/>\n<a href=\"mailto:ujhazyova@snslp.sk\">ujhazyova@snslp.sk<\/a><br \/>\n<a href=\"https:\/\/www.linkedin.com\/in\/michaela-ujhazyova-79b87b61\/\">LinkedIn<\/a><\/p>\n<p>Michaela Ujh\u00e1zyov\u00e1 obtained her doctoral degree in systematic philosophy from the Department of Philosophy and History of Philosophy at the Faculty of Arts Comenius of the University in Bratislava. She works as a researcher and is in charge of human rights research. She believes it is critical to focus on the fulfilment of obligations in the area of economic and social rights, as well as, in the context of the climate crisis, on environmental rights and the impact of climate change on people who have limited options for adapting their way of life and ensuring their comfort, i.e. low-income households.<\/p>\n<\/div>\n\n \n\n\n<div style=\"height:12px\" aria-hidden=\"true\" class=\"wp-block-spacer\"><\/div>\n\n\n\n<div class=\"bcg-box blue-bcg\"><p><strong><span data-teams=\"true\">Mgr. Lenka Vestenick\u00e1<br \/>\n<\/span><\/strong>Human Rights Officer<br \/>\n<a href=\"mailto:vestenicka@snslp.sk\">vestenicka@snslp.sk<\/a><br \/>\n<a href=\"http:\/\/02\/20850115\"><span data-teams=\"true\">02\/208 501 15<\/span><\/a><\/p>\n<p>She completed her studies at Masaryk University in Brno, where she earned a master\u2019s degree in International Relations. At the Center, she is responsible for monitoring human rights compliance and reporting to international institutions. She is particularly interested in topics related to migration, social rights, and the impacts of climate change on human rights. She also focuses on the intersection of human rights and new technologies, especially artificial intelligence.<\/p>\n<\/div>\n\n \n\n\n<div style=\"height:12px\" aria-hidden=\"true\" class=\"wp-block-spacer\"><\/div>\n\n\n\n<div class=\"bcg-box blue-bcg\"><p><strong>Mgr. Radka Vicenov\u00e1 PhD.<br \/>\n<\/strong>Analyst<br \/>\n<a href=\"mailto:Vicenova@snslp.sk\">vicenova@snslp.sk<\/a><br \/>\n<a href=\"tel:02\/32111830\">02\/321 118 30<\/a><br \/>\n<a href=\"https:\/\/www.linkedin.com\/in\/radka-vicenov%C3%A1-31893b7b\/\">LinkedIn<\/a><\/p>\n<p>Radka Vicenov\u00e1 completed her doctoral studies at the Department of Political Science, Faculty of Arts at the Comenius University in Bratislava. As a member of Center\u00b4s analytical team, she works on analytical and research tasks focused on compliance with human rights in Slovakia. Her research focus is predominantly on right-wing extremism, radicalization, securitization and hate speech.<\/p>\n<\/div>\n\n \n\n\n<div style=\"height:12px\" aria-hidden=\"true\" class=\"wp-block-spacer\"><\/div>\n\n\n\n<div class=\"bcg-box blue-bcg\"><p><strong>Mgr. Zuzana Vl\u010dekov\u00e1<br \/>\n<\/strong>Lawyer<br \/>\n<a href=\"mailto:vlcekova@snslp.sk\">vlcekova@snslp.sk<\/a><br \/>\n<a href=\"tel:+421318479091\">0918 479 091<\/a><\/p>\n<p>Zuzana Vl\u010dekov\u00e1 obtained the Law and Legal science degree from the Charles University in Prague. She is in charge of providing legal aid to victims of prejudice and conducting independent investigations of discrimination. Her favorite areas of human rights are those that protect the vulnerable.<\/p>\n<\/div>\n\n \n\n\n<!--nextpage-->\n\n\n\n<div class=\"bcg-box blue-bcg\"><p><strong>JUDr. Radka Ko\u010danov\u00e1<br \/>\n<\/strong>Lecturer<br \/>\n<a href=\"mailto:kocanova@snslp.sk\">kocanova@snslp.sk<\/a><br \/>\n<a href=\"tel:+421918370003\">0918 370 003<\/a><br \/>\n<a href=\"https:\/\/www.linkedin.com\/in\/radka-ko%C4%8Danov%C3%A1-69055768\/\">LinkedIn<\/a><\/p>\n<p>Radka Ko\u010danov\u00e1 obtained her Law degree from the Faculty of Law of the University of Trnava. She delivers trainings on human rights and non-discrimination. Her favorite topics include, in particular, the rights of the child.<\/p>\n<\/div>\n\n \n\n\n<div class=\"bcg-box blue-bcg\"><p><strong>Mgr. Zuzana Pavl\u00ed\u010dkov\u00e1, LL.M<br \/>\n<\/strong>Head of International Relations, Monitoring and Reporting Department<br \/>\n<a href=\"mailto:pavlickova@snslp.sk\">pavlickova@snslp.sk<\/a><br \/>\n<a href=\"tel:02\/20850122\">02\/208 501 15<\/a><br \/>\n<a href=\"https:\/\/www.linkedin.com\/in\/zuzana-pavl%C3%AD%C4%8Dkov%C3%A1-48887452\/\">LinkedIn<\/a><\/p>\n<p>Zuzana Pavl\u00ed\u010dkov\u00e1 graduated from the Faculty of Law of the Comenius University in Bratislava with a Master&#8217;s degree. She completed a six-month study visit at the Faculty of Law of the University of Helsinki, focusing on the law of international organizations and human rights. She received her LL.M. in International Law and European Public Law with specialization in Access to Justice from Erasmus University in Rotterdam, the Netherlands.<\/p>\n<p>At the Centre, she is responsible for monitoring compliance with human rights and fundamental freedoms, monitoring the compliance of national laws and policies with international human rights standards, cooperation and communication with key international organizations and stakeholder at national and international level. Her most popular human rights issues include access to justice for vulnerable persons, gender equality, LGBT rights, the right to education, and the impact of business activities on human rights.<\/p>\n<div id=\"simple-translate\" class=\"simple-translate-system-theme\">\n<div>\n<div class=\"simple-translate-button \" style=\"background-image: url('chrome-extension:\/\/cllnohpbfenopiakdcjmjcbaeapmkcdl\/icons\/512.png'); height: 22px; width: 22px; top: 10px; left: 10px;\"><\/div>\n<div class=\"simple-translate-panel isShow\" style=\"width: 300px; height: 69px; top: 94.8px; left: 69.2312px; font-size: 13px;\">\n<div class=\"simple-translate-result-wrapper\" style=\"overflow: hidden;\">\n<div class=\"simple-translate-move\" draggable=\"true\"><\/div>\n<div class=\"simple-translate-result-contents\">\n<p class=\"simple-translate-result\" dir=\"auto\">Ved\u00faci oddelenia medzin\u00e1rodn\u00fdch vz\u0165ahov, monitorovania a pod\u00e1vania spr\u00e1v<\/p>\n<p class=\"simple-translate-candidate\" dir=\"auto\">\n<\/div>\n<\/div>\n<\/div>\n<\/div>\n<\/div>\n<\/div>\n\n \n\n\n<div class=\"bcg-box blue-bcg\"><p><strong>Mgr. Lilla Ozor\u00e1kov\u00e1, B.A, LL.M<br \/>\n<\/strong>Lawyer<br \/>\n<a href=\"mailto:ozorakova@snslp.sk\">ozorakova@snslp.sk<\/a><br \/>\n<a href=\"tel:02\/20850122\">02\/208 501 15<\/a><\/p>\n<p>Lilla Ozor\u00e1kov\u00e1 studied at several universities. She earned her B.A. degree in International Relations from Webster Vienna Private University in Austria, a Bachelor and Master of Law degree from the Comenius University, and an LL.M. from Universiteit Leiden, where she completed her postgraduate studies in Public International Law. She is responsible for the Centre&#8217;s external relations in line with its status of a national human rights institution and equality body, monitoring implementation of international human rights conventions, promoting harmonization of national legislation and policies with international human rights standards, and for cooperation of the Centre with the UN a regional human rights organizations. Her favorite topics include access to justice, the right to fair trial, the rights of victims of crime, the right to liberty and security, the rights of children and the elderly, the right to education and environmental protection.<\/p>\n<\/div>\n\n ","protected":false},"excerpt":{"rendered":"","protected":false},"author":1,"featured_media":0,"parent":5184,"menu_order":2,"comment_status":"closed","ping_status":"closed","template":"","meta":[],"categories":[],"_links":{"self":[{"href":"https:\/\/www.snslp.sk\/en\/wp-json\/wp\/v2\/pages\/7568"}],"collection":[{"href":"https:\/\/www.snslp.sk\/en\/wp-json\/wp\/v2\/pages"}],"about":[{"href":"https:\/\/www.snslp.sk\/en\/wp-json\/wp\/v2\/types\/page"}],"author":[{"embeddable":true,"href":"https:\/\/www.snslp.sk\/en\/wp-json\/wp\/v2\/users\/1"}],"replies":[{"embeddable":true,"href":"https:\/\/www.snslp.sk\/en\/wp-json\/wp\/v2\/comments?post=7568"}],"version-history":[{"count":70,"href":"https:\/\/www.snslp.sk\/en\/wp-json\/wp\/v2\/pages\/7568\/revisions"}],"predecessor-version":[{"id":14052,"href":"https:\/\/www.snslp.sk\/en\/wp-json\/wp\/v2\/pages\/7568\/revisions\/14052"}],"up":[{"embeddable":true,"href":"https:\/\/www.snslp.sk\/en\/wp-json\/wp\/v2\/pages\/5184"}],"wp:attachment":[{"href":"https:\/\/www.snslp.sk\/en\/wp-json\/wp\/v2\/media?parent=7568"}],"wp:term":[{"taxonomy":"category","embeddable":true,"href":"https:\/\/www.snslp.sk\/en\/wp-json\/wp\/v2\/categories?post=7568"}],"curies":[{"name":"wp","href":"https:\/\/api.w.org\/{rel}","templated":true}]}}